{"id":129,"date":"2021-04-20T14:52:47","date_gmt":"2021-04-20T14:52:47","guid":{"rendered":"https:\/\/test.gite-sancerre.fr\/?page_id=129"},"modified":"2025-06-02T14:19:15","modified_gmt":"2025-06-02T14:19:15","slug":"le-gite","status":"publish","type":"page","link":"https:\/\/gite-sancerre.fr\/index.php\/le-gite\/","title":{"rendered":"Le G\u00eete"},"content":{"rendered":"<p>[et_pb_section fb_built=\u00a0\u00bb1&Prime; fullwidth=\u00a0\u00bbon\u00a0\u00bb admin_label=\u00a0\u00bbHero Section\u00a0\u00bb _builder_version=\u00a0\u00bb3.22&Prime; global_colors_info=\u00a0\u00bb{}\u00a0\u00bb][et_pb_fullwidth_header title=\u00a0\u00bbG\u00eete \u00e0 Sancerre\u00a0\u00bb subhead=\u00a0\u00bbLa maison du Guetteur \u00a0\u00bb text_orientation=\u00a0\u00bbcenter\u00a0\u00bb header_fullscreen=\u00a0\u00bbon\u00a0\u00bb button_one_text=\u00a0\u00bbR\u00e9server\u00a0\u00bb button_one_url=\u00a0\u00bb@ET-DC@eyJkeW5hbWljIjp0cnVlLCJjb250ZW50IjoicG9zdF9saW5rX3VybF9wYWdlIiwic2V0dGluZ3MiOnsicG9zdF9pZCI6IjMyMCJ9fQ==@\u00a0\u00bb background_overlay_color=\u00a0\u00bbrgba(0,0,0,0.5)\u00a0\u00bb title_font_color=\u00a0\u00bb#ffffff\u00a0\u00bb subhead_font_color=\u00a0\u00bb#ffffff\u00a0\u00bb _builder_version=\u00a0\u00bb4.10.7&Prime; _dynamic_attributes=\u00a0\u00bbbutton_one_url\u00a0\u00bb title_font=\u00a0\u00bbNunito||||||||\u00a0\u00bb title_text_color=\u00a0\u00bb#ffffff\u00a0\u00bb title_font_size=\u00a0\u00bb80px\u00a0\u00bb content_font=\u00a0\u00bb||||||||\u00a0\u00bb subhead_font=\u00a0\u00bbOpen Sans||||||||\u00a0\u00bb subhead_text_color=\u00a0\u00bb#ffffff\u00a0\u00bb subhead_font_size=\u00a0\u00bb37px\u00a0\u00bb subhead_line_height=\u00a0\u00bb1.6em\u00a0\u00bb background_color=\u00a0\u00bbrgba(255, 255, 255, 0)\u00a0\u00bb background_image=\u00a0\u00bbhttps:\/\/test.gite-sancerre.fr\/wp-content\/uploads\/2021\/04\/vue-vigne-sancerre.jpg\u00a0\u00bb custom_button_one=\u00a0\u00bbon\u00a0\u00bb button_one_text_size=\u00a0\u00bb14px\u00a0\u00bb button_one_text_color=\u00a0\u00bb#ffffff\u00a0\u00bb button_one_bg_color=\u00a0\u00bb#90b884&Prime; button_one_border_width=\u00a0\u00bb12px\u00a0\u00bb button_one_border_color=\u00a0\u00bb#90b884&Prime; button_one_border_radius=\u00a0\u00bb0px\u00a0\u00bb button_one_letter_spacing=\u00a0\u00bb2px\u00a0\u00bb button_one_font=\u00a0\u00bbNunito|700||on|||||\u00a0\u00bb button_one_use_icon=\u00a0\u00bboff\u00a0\u00bb background_layout=\u00a0\u00bblight\u00a0\u00bb custom_padding=\u00a0\u00bb||0px|||\u00a0\u00bb animation_style=\u00a0\u00bbfade\u00a0\u00bb title_font_size_tablet=\u00a0\u00bb\u00a0\u00bb title_font_size_phone=\u00a0\u00bb48px\u00a0\u00bb title_font_size_last_edited=\u00a0\u00bbon|phone\u00a0\u00bb subhead_font_size_tablet=\u00a0\u00bb\u00a0\u00bb subhead_font_size_phone=\u00a0\u00bb\u00a0\u00bb subhead_font_size_last_edited=\u00a0\u00bbon|phone\u00a0\u00bb button_one_text_color_hover=\u00a0\u00bb#ffffff\u00a0\u00bb button_one_border_color_hover=\u00a0\u00bb#0099e5&Prime; button_one_border_radius_hover=\u00a0\u00bb0px\u00a0\u00bb button_one_letter_spacing_hover=\u00a0\u00bb2px\u00a0\u00bb button_one_bg_color_hover=\u00a0\u00bb#0099e5&Prime; global_colors_info=\u00a0\u00bb{}\u00a0\u00bb button_one_text_size__hover_enabled=\u00a0\u00bboff\u00a0\u00bb button_two_text_size__hover_enabled=\u00a0\u00bboff\u00a0\u00bb button_one_text_color__hover_enabled=\u00a0\u00bbon|hover\u00a0\u00bb button_one_text_color__hover=\u00a0\u00bb#90b884&Prime; button_two_text_color__hover_enabled=\u00a0\u00bboff\u00a0\u00bb button_one_border_width__hover_enabled=\u00a0\u00bbon|hover\u00a0\u00bb button_two_border_width__hover_enabled=\u00a0\u00bboff\u00a0\u00bb button_one_border_color__hover_enabled=\u00a0\u00bbon\u00a0\u00bb button_one_border_color__hover=\u00a0\u00bb#90b884&Prime; button_two_border_color__hover_enabled=\u00a0\u00bboff\u00a0\u00bb button_one_border_radius__hover_enabled=\u00a0\u00bbon\u00a0\u00bb button_one_border_radius__hover=\u00a0\u00bb0px\u00a0\u00bb button_two_border_radius__hover_enabled=\u00a0\u00bboff\u00a0\u00bb button_one_letter_spacing__hover_enabled=\u00a0\u00bbon\u00a0\u00bb button_one_letter_spacing__hover=\u00a0\u00bb2px\u00a0\u00bb button_two_letter_spacing__hover_enabled=\u00a0\u00bboff\u00a0\u00bb button_one_bg_color__hover_enabled=\u00a0\u00bbon\u00a0\u00bb button_one_bg_color__hover=\u00a0\u00bb#FFFFFF\u00a0\u00bb button_two_bg_color__hover_enabled=\u00a0\u00bboff\u00a0\u00bb button_one_bg_enable_color__hover=\u00a0\u00bbon\u00a0\u00bb button_one_border_width__hover=\u00a0\u00bb2px\u00a0\u00bb][\/et_pb_fullwidth_header][\/et_pb_section][et_pb_section fb_built=\u00a0\u00bb1&Prime; admin_label=\u00a0\u00bbOur Story Section\u00a0\u00bb _builder_version=\u00a0\u00bb3.22&Prime; custom_padding=\u00a0\u00bb110px||5px|||\u00a0\u00bb global_colors_info=\u00a0\u00bb{}\u00a0\u00bb][et_pb_row admin_label=\u00a0\u00bbTitle Area\u00a0\u00bb _builder_version=\u00a0\u00bb3.25&Prime; custom_padding=\u00a0\u00bb28px|0px|2px|0px||\u00a0\u00bb global_colors_info=\u00a0\u00bb{}\u00a0\u00bb][et_pb_column type=\u00a0\u00bb4_4&Prime; _builder_version=\u00a0\u00bb3.25&Prime; custom_padding=\u00a0\u00bb|||\u00a0\u00bb global_colors_info=\u00a0\u00bb{}\u00a0\u00bb custom_padding__hover=\u00a0\u00bb|||\u00a0\u00bb][et_pb_text admin_label=\u00a0\u00bbTitle\u00a0\u00bb _builder_version=\u00a0\u00bb4.4.7&Prime; text_font=\u00a0\u00bb||||||||\u00a0\u00bb header_font=\u00a0\u00bb||||||||\u00a0\u00bb header_2_font=\u00a0\u00bbNunito||||||||\u00a0\u00bb header_2_text_align=\u00a0\u00bbcenter\u00a0\u00bb header_2_text_color=\u00a0\u00bb#90b884&Prime; header_2_font_size=\u00a0\u00bb36px\u00a0\u00bb header_2_line_height=\u00a0\u00bb1.4em\u00a0\u00bb max_width=\u00a0\u00bb600px\u00a0\u00bb module_alignment=\u00a0\u00bbcenter\u00a0\u00bb custom_margin=\u00a0\u00bb||5px|\u00a0\u00bb animation_style=\u00a0\u00bbfold\u00a0\u00bb animation_direction=\u00a0\u00bbbottom\u00a0\u00bb animation_intensity_fold=\u00a0\u00bb20%\u00a0\u00bb animation_starting_opacity=\u00a0\u00bb100%\u00a0\u00bb global_colors_info=\u00a0\u00bb{}\u00a0\u00bb]<\/p>\n<h2>Notre g\u00eete \u00e0 Sancerre en quelques mots\u00a0<\/h2>\n<p>[\/et_pb_text][et_pb_divider color=\u00a0\u00bb#90b884&Prime; divider_position=\u00a0\u00bbcenter\u00a0\u00bb divider_weight=\u00a0\u00bb2px\u00a0\u00bb _builder_version=\u00a0\u00bb4.4.7&Prime; max_width=\u00a0\u00bb50px\u00a0\u00bb module_alignment=\u00a0\u00bbcenter\u00a0\u00bb global_colors_info=\u00a0\u00bb{}\u00a0\u00bb][\/et_pb_divider][\/et_pb_column][\/et_pb_row][et_pb_row admin_label=\u00a0\u00bbText Area\u00a0\u00bb _builder_version=\u00a0\u00bb3.25&Prime; global_colors_info=\u00a0\u00bb{}\u00a0\u00bb][et_pb_column type=\u00a0\u00bb4_4&Prime; _builder_version=\u00a0\u00bb3.25&Prime; custom_padding=\u00a0\u00bb|||\u00a0\u00bb global_colors_info=\u00a0\u00bb{}\u00a0\u00bb custom_padding__hover=\u00a0\u00bb|||\u00a0\u00bb][et_pb_text _builder_version=\u00a0\u00bb4.9.4&Prime; text_font=\u00a0\u00bb||||||||\u00a0\u00bb text_text_color=\u00a0\u00bb#000000&Prime; text_font_size=\u00a0\u00bb15px\u00a0\u00bb text_line_height=\u00a0\u00bb1.8em\u00a0\u00bb text_orientation=\u00a0\u00bbcenter\u00a0\u00bb max_width=\u00a0\u00bb800px\u00a0\u00bb module_alignment=\u00a0\u00bbcenter\u00a0\u00bb custom_margin=\u00a0\u00bb||35px|\u00a0\u00bb animation_style=\u00a0\u00bbfold\u00a0\u00bb animation_direction=\u00a0\u00bbbottom\u00a0\u00bb animation_intensity_fold=\u00a0\u00bb20%\u00a0\u00bb animation_starting_opacity=\u00a0\u00bb100%\u00a0\u00bb global_colors_info=\u00a0\u00bb{}\u00a0\u00bb]<\/p>\n<p class=\"\"><em>Le <strong>gite<\/strong> est construit sur 3 niveaux. Le s\u00e9jour-salle \u00e0 manger et le coin cuisine sont situ\u00e9es au rez de chauss\u00e9e, la chambre du 1er \u00e9tage contient un lit double et celle du 2\u00e8me \u00e9tage contient 3 lits simples.<\/em><\/p>\n<p class=\"\"><em>Une salle de bain est disponible au 1er \u00e9tage, et un coin toilette au second.<\/em><em><\/em><\/p>\n<p class=\"\"><em>Le gite est \u00e9quip\u00e9 du wifi, et de deux t\u00e9l\u00e9viseurs.\u00a0<\/em><span><em>Le coin cuisine dispose d&rsquo;un lave-vaisselle et d&rsquo;un lave-linge.\u00a0<\/em><\/span><span><em>Les draps et le linge de toilette sont fournis.\u00a0<\/em><\/span><span><em>Le stationnement est gratuit devant la maison.<\/em><\/span><\/p>\n<p class=\"\"><em>Les animaux sont admis (avec suppl\u00e9ment de 5\u20ac\/nuit).<\/em><\/p>\n<p>[\/et_pb_text][\/et_pb_column][\/et_pb_row][\/et_pb_section][et_pb_section fb_built=\u00a0\u00bb1&Prime; admin_label=\u00a0\u00bbAbout Us Section 01&Prime; _builder_version=\u00a0\u00bb3.22&Prime; custom_padding=\u00a0\u00bb0px||0px|\u00a0\u00bb global_colors_info=\u00a0\u00bb{}\u00a0\u00bb][et_pb_row admin_label=\u00a0\u00bbTitle Area\u00a0\u00bb _builder_version=\u00a0\u00bb3.25&Prime; custom_padding=\u00a0\u00bb28px|0px|27px|0px\u00a0\u00bb global_colors_info=\u00a0\u00bb{}\u00a0\u00bb][et_pb_column type=\u00a0\u00bb4_4&Prime; _builder_version=\u00a0\u00bb3.25&Prime; custom_padding=\u00a0\u00bb|||\u00a0\u00bb global_colors_info=\u00a0\u00bb{}\u00a0\u00bb custom_padding__hover=\u00a0\u00bb|||\u00a0\u00bb][et_pb_text admin_label=\u00a0\u00bbTitle\u00a0\u00bb _builder_version=\u00a0\u00bb4.4.7&Prime; text_font=\u00a0\u00bb||||||||\u00a0\u00bb header_font=\u00a0\u00bb||||||||\u00a0\u00bb header_2_font=\u00a0\u00bbNunito||||||||\u00a0\u00bb header_2_text_align=\u00a0\u00bbcenter\u00a0\u00bb header_2_text_color=\u00a0\u00bb#90b884&Prime; header_2_font_size=\u00a0\u00bb36px\u00a0\u00bb header_2_line_height=\u00a0\u00bb1.4em\u00a0\u00bb max_width=\u00a0\u00bb600px\u00a0\u00bb module_alignment=\u00a0\u00bbcenter\u00a0\u00bb custom_margin=\u00a0\u00bb||5px|\u00a0\u00bb animation_style=\u00a0\u00bbfold\u00a0\u00bb animation_direction=\u00a0\u00bbbottom\u00a0\u00bb animation_intensity_fold=\u00a0\u00bb20%\u00a0\u00bb animation_starting_opacity=\u00a0\u00bb100%\u00a0\u00bb global_colors_info=\u00a0\u00bb{}\u00a0\u00bb]<\/p>\n<h2>Notre g\u00eete \u00e0 Sancerre en images<\/h2>\n<p>[\/et_pb_text][et_pb_divider color=\u00a0\u00bb#90b884&Prime; divider_position=\u00a0\u00bbcenter\u00a0\u00bb divider_weight=\u00a0\u00bb2px\u00a0\u00bb _builder_version=\u00a0\u00bb4.4.7&Prime; max_width=\u00a0\u00bb50px\u00a0\u00bb module_alignment=\u00a0\u00bbcenter\u00a0\u00bb global_colors_info=\u00a0\u00bb{}\u00a0\u00bb][\/et_pb_divider][\/et_pb_column][\/et_pb_row][et_pb_row column_structure=\u00a0\u00bb1_2,1_2&Prime; use_custom_gutter=\u00a0\u00bbon\u00a0\u00bb gutter_width=\u00a0\u00bb1&Prime; admin_label=\u00a0\u00bbAbout Us Area\u00a0\u00bb module_class=\u00a0\u00bbcustom_row\u00a0\u00bb _builder_version=\u00a0\u00bb4.4.7&Prime; background_color=\u00a0\u00bb#90b884&Prime; background_enable_image=\u00a0\u00bboff\u00a0\u00bb width=\u00a0\u00bb100%\u00a0\u00bb width_tablet=\u00a0\u00bb100%\u00a0\u00bb width_phone=\u00a0\u00bb\u00a0\u00bb width_last_edited=\u00a0\u00bbon|desktop\u00a0\u00bb max_width=\u00a0\u00bb100%\u00a0\u00bb max_width_tablet=\u00a0\u00bb100%\u00a0\u00bb max_width_phone=\u00a0\u00bb\u00a0\u00bb max_width_last_edited=\u00a0\u00bbon|desktop\u00a0\u00bb custom_padding=\u00a0\u00bb0px||0px|\u00a0\u00bb make_fullwidth=\u00a0\u00bbon\u00a0\u00bb global_colors_info=\u00a0\u00bb{}\u00a0\u00bb][et_pb_column type=\u00a0\u00bb1_2&Prime; module_class=\u00a0\u00bbsecond-on-mobile\u00a0\u00bb _builder_version=\u00a0\u00bb4.4.7&Prime; background_image=\u00a0\u00bbhttps:\/\/test.gite-sancerre.fr\/wp-content\/uploads\/2021\/04\/salon-gite-la-maison-du-guetteur-sancerre.jpg\u00a0\u00bb custom_padding=\u00a0\u00bb|||\u00a0\u00bb global_colors_info=\u00a0\u00bb{}\u00a0\u00bb custom_padding__hover=\u00a0\u00bb|||\u00a0\u00bb][et_pb_divider show_divider=\u00a0\u00bboff\u00a0\u00bb disabled_on=\u00a0\u00bbon|on|off\u00a0\u00bb _builder_version=\u00a0\u00bb4.4.7&Prime; height=\u00a0\u00bb620px\u00a0\u00bb locked=\u00a0\u00bboff\u00a0\u00bb global_colors_info=\u00a0\u00bb{}\u00a0\u00bb][\/et_pb_divider][\/et_pb_column][et_pb_column type=\u00a0\u00bb1_2&Prime; module_class=\u00a0\u00bbfirst-on-mobile\u00a0\u00bb _builder_version=\u00a0\u00bb4.4.7&Prime; background_color=\u00a0\u00bb#90b884&Prime; custom_padding=\u00a0\u00bb7%|10%|7%|10%\u00a0\u00bb global_colors_info=\u00a0\u00bb{}\u00a0\u00bb custom_padding__hover=\u00a0\u00bb|||\u00a0\u00bb][et_pb_text admin_label=\u00a0\u00bbTitle\u00a0\u00bb _builder_version=\u00a0\u00bb4.4.7&Prime; text_font=\u00a0\u00bb||||||||\u00a0\u00bb header_font=\u00a0\u00bb||||||||\u00a0\u00bb header_2_font=\u00a0\u00bbNunito||||||||\u00a0\u00bb header_2_font_size=\u00a0\u00bb36px\u00a0\u00bb header_2_line_height=\u00a0\u00bb1.4em\u00a0\u00bb background_layout=\u00a0\u00bbdark\u00a0\u00bb custom_margin=\u00a0\u00bb85px||5px||false|false\u00a0\u00bb custom_margin_tablet=\u00a0\u00bb1px||||false|false\u00a0\u00bb custom_margin_phone=\u00a0\u00bb25px||||false|false\u00a0\u00bb custom_margin_last_edited=\u00a0\u00bbon|tablet\u00a0\u00bb animation_style=\u00a0\u00bbfold\u00a0\u00bb animation_direction=\u00a0\u00bbbottom\u00a0\u00bb animation_intensity_fold=\u00a0\u00bb20%\u00a0\u00bb animation_starting_opacity=\u00a0\u00bb100%\u00a0\u00bb global_colors_info=\u00a0\u00bb{}\u00a0\u00bb]<\/p>\n<h2>Le salon du g\u00eete\u00a0<\/h2>\n<p>[\/et_pb_text][et_pb_divider color=\u00a0\u00bb#ffffff\u00a0\u00bb divider_position=\u00a0\u00bbcenter\u00a0\u00bb divider_weight=\u00a0\u00bb2px\u00a0\u00bb _builder_version=\u00a0\u00bb3.2&Prime; max_width=\u00a0\u00bb50px\u00a0\u00bb module_alignment=\u00a0\u00bbleft\u00a0\u00bb custom_margin=\u00a0\u00bb||30px|\u00a0\u00bb locked=\u00a0\u00bboff\u00a0\u00bb global_colors_info=\u00a0\u00bb{}\u00a0\u00bb][\/et_pb_divider][et_pb_text _builder_version=\u00a0\u00bb4.4.7&Prime; text_font=\u00a0\u00bb||||||||\u00a0\u00bb text_font_size=\u00a0\u00bb15px\u00a0\u00bb text_line_height=\u00a0\u00bb1.8em\u00a0\u00bb background_layout=\u00a0\u00bbdark\u00a0\u00bb custom_margin=\u00a0\u00bb||35px|\u00a0\u00bb animation_style=\u00a0\u00bbfold\u00a0\u00bb animation_direction=\u00a0\u00bbbottom\u00a0\u00bb animation_intensity_fold=\u00a0\u00bb20%\u00a0\u00bb animation_starting_opacity=\u00a0\u00bb100%\u00a0\u00bb global_colors_info=\u00a0\u00bb{}\u00a0\u00bb]<\/p>\n<p>Le salon de la maison du Guetteur est \u00e9quip\u00e9 d&rsquo;une table \u00e0 manger, des rangements ainsi qu&rsquo;une t\u00e9l\u00e9vision.\u00a0<\/p>\n<p>[\/et_pb_text][et_pb_image src=\u00a0\u00bbhttps:\/\/test.gite-sancerre.fr\/wp-content\/uploads\/2021\/04\/salon-gite-la-maison-du-guetteur-sancerre.jpg\u00a0\u00bb alt=\u00a0\u00bbsalon-gite-la-maison-du-guetteur-sancerre\u00a0\u00bb title_text=\u00a0\u00bbsalon-gite-la-maison-du-guetteur-sancerre\u00a0\u00bb disabled_on=\u00a0\u00bboff|off|on\u00a0\u00bb _builder_version=\u00a0\u00bb4.4.7&Prime; border_radii=\u00a0\u00bbon|54px|54px|54px|54px\u00a0\u00bb global_colors_info=\u00a0\u00bb{}\u00a0\u00bb][\/et_pb_image][\/et_pb_column][\/et_pb_row][\/et_pb_section][et_pb_section fb_built=\u00a0\u00bb1&Prime; admin_label=\u00a0\u00bbAbout Us Section 02&Prime; _builder_version=\u00a0\u00bb3.22&Prime; custom_padding=\u00a0\u00bb0px||0px|\u00a0\u00bb global_colors_info=\u00a0\u00bb{}\u00a0\u00bb][et_pb_row column_structure=\u00a0\u00bb1_2,1_2&Prime; use_custom_gutter=\u00a0\u00bbon\u00a0\u00bb gutter_width=\u00a0\u00bb1&Prime; make_equal=\u00a0\u00bbon\u00a0\u00bb admin_label=\u00a0\u00bbAbout Us Area\u00a0\u00bb _builder_version=\u00a0\u00bb4.4.7&Prime; background_enable_image=\u00a0\u00bboff\u00a0\u00bb width=\u00a0\u00bb100%\u00a0\u00bb width_tablet=\u00a0\u00bb100%\u00a0\u00bb width_phone=\u00a0\u00bb\u00a0\u00bb width_last_edited=\u00a0\u00bbon|desktop\u00a0\u00bb max_width=\u00a0\u00bb100%\u00a0\u00bb max_width_tablet=\u00a0\u00bb100%\u00a0\u00bb max_width_phone=\u00a0\u00bb\u00a0\u00bb max_width_last_edited=\u00a0\u00bbon|desktop\u00a0\u00bb custom_padding=\u00a0\u00bb0px||0px|\u00a0\u00bb make_fullwidth=\u00a0\u00bbon\u00a0\u00bb custom_width_px=\u00a0\u00bb2600px\u00a0\u00bb global_colors_info=\u00a0\u00bb{}\u00a0\u00bb][et_pb_column type=\u00a0\u00bb1_2&Prime; _builder_version=\u00a0\u00bb3.25&Prime; background_color=\u00a0\u00bb#f7f7f7&Prime; custom_padding=\u00a0\u00bb7%|10%|7%|10%\u00a0\u00bb global_colors_info=\u00a0\u00bb{}\u00a0\u00bb custom_padding__hover=\u00a0\u00bb|||\u00a0\u00bb][et_pb_text admin_label=\u00a0\u00bbTitle\u00a0\u00bb _builder_version=\u00a0\u00bb4.4.7&Prime; text_font=\u00a0\u00bb||||||||\u00a0\u00bb header_font=\u00a0\u00bb||||||||\u00a0\u00bb header_2_font=\u00a0\u00bbNunito||||||||\u00a0\u00bb header_2_text_color=\u00a0\u00bb#263954&Prime; header_2_font_size=\u00a0\u00bb36px\u00a0\u00bb header_2_line_height=\u00a0\u00bb1.4em\u00a0\u00bb custom_margin=\u00a0\u00bb||5px|\u00a0\u00bb animation_style=\u00a0\u00bbfold\u00a0\u00bb animation_direction=\u00a0\u00bbbottom\u00a0\u00bb animation_intensity_fold=\u00a0\u00bb20%\u00a0\u00bb animation_starting_opacity=\u00a0\u00bb100%\u00a0\u00bb global_colors_info=\u00a0\u00bb{}\u00a0\u00bb]<\/p>\n<h2>La cuisine du g\u00eete\u00a0<\/h2>\n<p>[\/et_pb_text][et_pb_divider color=\u00a0\u00bb#0099e5&Prime; divider_position=\u00a0\u00bbcenter\u00a0\u00bb divider_weight=\u00a0\u00bb2px\u00a0\u00bb _builder_version=\u00a0\u00bb3.2&Prime; max_width=\u00a0\u00bb50px\u00a0\u00bb module_alignment=\u00a0\u00bbleft\u00a0\u00bb custom_margin=\u00a0\u00bb||30px|\u00a0\u00bb locked=\u00a0\u00bboff\u00a0\u00bb global_colors_info=\u00a0\u00bb{}\u00a0\u00bb][\/et_pb_divider][et_pb_text _builder_version=\u00a0\u00bb4.4.7&Prime; text_font=\u00a0\u00bb||||||||\u00a0\u00bb text_font_size=\u00a0\u00bb15px\u00a0\u00bb text_line_height=\u00a0\u00bb1.8em\u00a0\u00bb custom_margin=\u00a0\u00bb||35px|\u00a0\u00bb animation_style=\u00a0\u00bbfold\u00a0\u00bb animation_direction=\u00a0\u00bbbottom\u00a0\u00bb animation_intensity_fold=\u00a0\u00bb20%\u00a0\u00bb animation_starting_opacity=\u00a0\u00bb100%\u00a0\u00bb global_colors_info=\u00a0\u00bb{}\u00a0\u00bb]<\/p>\n<p>La cuisine est \u00e9quip\u00e9e d&rsquo;une machine \u00e0 caf\u00e9 avec dosettes et sans dosettes, d&rsquo;un four \u00e0 micro-onde et des plaques de cuisson.\u00a0<\/p>\n<p>[\/et_pb_text][et_pb_image src=\u00a0\u00bbhttps:\/\/test.gite-sancerre.fr\/wp-content\/uploads\/2021\/04\/cuisine-gite-la-maison-du-guetteur-sancerre.jpg\u00a0\u00bb alt=\u00a0\u00bbcuisine-gite-la-maison-du-guetteur-sancerre\u00a0\u00bb title_text=\u00a0\u00bbcuisine-gite-la-maison-du-guetteur-sancerre\u00a0\u00bb disabled_on=\u00a0\u00bboff|off|on\u00a0\u00bb _builder_version=\u00a0\u00bb4.4.7&Prime; border_radii=\u00a0\u00bbon|48px|48px|48px|48px\u00a0\u00bb global_colors_info=\u00a0\u00bb{}\u00a0\u00bb][\/et_pb_image][\/et_pb_column][et_pb_column type=\u00a0\u00bb1_2&Prime; _builder_version=\u00a0\u00bb4.4.7&Prime; background_image=\u00a0\u00bbhttps:\/\/test.gite-sancerre.fr\/wp-content\/uploads\/2021\/04\/cuisine-gite-la-maison-du-guetteur-sancerre.jpg\u00a0\u00bb custom_padding=\u00a0\u00bb|||\u00a0\u00bb global_colors_info=\u00a0\u00bb{}\u00a0\u00bb custom_padding__hover=\u00a0\u00bb|||\u00a0\u00bb][et_pb_divider show_divider=\u00a0\u00bboff\u00a0\u00bb disabled_on=\u00a0\u00bbon|on|off\u00a0\u00bb _builder_version=\u00a0\u00bb4.4.7&Prime; height=\u00a0\u00bb400px\u00a0\u00bb global_colors_info=\u00a0\u00bb{}\u00a0\u00bb][\/et_pb_divider][\/et_pb_column][\/et_pb_row][\/et_pb_section][et_pb_section fb_built=\u00a0\u00bb1&Prime; admin_label=\u00a0\u00bbAbout Us Section 01&Prime; _builder_version=\u00a0\u00bb3.22&Prime; custom_padding=\u00a0\u00bb0px||0px|\u00a0\u00bb global_colors_info=\u00a0\u00bb{}\u00a0\u00bb][et_pb_row column_structure=\u00a0\u00bb1_2,1_2&Prime; use_custom_gutter=\u00a0\u00bbon\u00a0\u00bb gutter_width=\u00a0\u00bb1&Prime; admin_label=\u00a0\u00bbAbout Us Area\u00a0\u00bb module_class=\u00a0\u00bbcustom_row\u00a0\u00bb _builder_version=\u00a0\u00bb4.4.7&Prime; background_color=\u00a0\u00bb#90b884&Prime; background_enable_image=\u00a0\u00bboff\u00a0\u00bb width=\u00a0\u00bb100%\u00a0\u00bb width_tablet=\u00a0\u00bb100%\u00a0\u00bb width_phone=\u00a0\u00bb\u00a0\u00bb width_last_edited=\u00a0\u00bbon|desktop\u00a0\u00bb max_width=\u00a0\u00bb100%\u00a0\u00bb max_width_tablet=\u00a0\u00bb100%\u00a0\u00bb max_width_phone=\u00a0\u00bb\u00a0\u00bb max_width_last_edited=\u00a0\u00bbon|desktop\u00a0\u00bb custom_padding=\u00a0\u00bb0px||0px|\u00a0\u00bb make_fullwidth=\u00a0\u00bbon\u00a0\u00bb global_colors_info=\u00a0\u00bb{}\u00a0\u00bb][et_pb_column type=\u00a0\u00bb1_2&Prime; module_class=\u00a0\u00bbsecond-on-mobile\u00a0\u00bb _builder_version=\u00a0\u00bb4.4.7&Prime; background_image=\u00a0\u00bbhttps:\/\/test.gite-sancerre.fr\/wp-content\/uploads\/2021\/04\/chambre-principale-gite-la-maison-du-guetteur-sancerre.jpg\u00a0\u00bb custom_padding=\u00a0\u00bb|||\u00a0\u00bb global_colors_info=\u00a0\u00bb{}\u00a0\u00bb custom_padding__hover=\u00a0\u00bb|||\u00a0\u00bb][et_pb_divider show_divider=\u00a0\u00bboff\u00a0\u00bb disabled_on=\u00a0\u00bbon|on|off\u00a0\u00bb _builder_version=\u00a0\u00bb4.4.7&Prime; height=\u00a0\u00bb620px\u00a0\u00bb locked=\u00a0\u00bboff\u00a0\u00bb global_colors_info=\u00a0\u00bb{}\u00a0\u00bb][\/et_pb_divider][\/et_pb_column][et_pb_column type=\u00a0\u00bb1_2&Prime; module_class=\u00a0\u00bbfirst-on-mobile\u00a0\u00bb _builder_version=\u00a0\u00bb4.4.7&Prime; background_color=\u00a0\u00bb#90b884&Prime; custom_padding=\u00a0\u00bb7%|10%|7%|10%\u00a0\u00bb global_colors_info=\u00a0\u00bb{}\u00a0\u00bb custom_padding__hover=\u00a0\u00bb|||\u00a0\u00bb][et_pb_text admin_label=\u00a0\u00bbTitle\u00a0\u00bb _builder_version=\u00a0\u00bb4.4.7&Prime; text_font=\u00a0\u00bb||||||||\u00a0\u00bb header_font=\u00a0\u00bb||||||||\u00a0\u00bb header_2_font=\u00a0\u00bbNunito||||||||\u00a0\u00bb header_2_font_size=\u00a0\u00bb36px\u00a0\u00bb header_2_line_height=\u00a0\u00bb1.4em\u00a0\u00bb background_layout=\u00a0\u00bbdark\u00a0\u00bb custom_margin=\u00a0\u00bb84px||5px||false|false\u00a0\u00bb custom_margin_tablet=\u00a0\u00bb1px||||false|false\u00a0\u00bb custom_margin_phone=\u00a0\u00bb1px||||false|false\u00a0\u00bb custom_margin_last_edited=\u00a0\u00bbon|tablet\u00a0\u00bb animation_style=\u00a0\u00bbfold\u00a0\u00bb animation_direction=\u00a0\u00bbbottom\u00a0\u00bb animation_intensity_fold=\u00a0\u00bb20%\u00a0\u00bb animation_starting_opacity=\u00a0\u00bb100%\u00a0\u00bb global_colors_info=\u00a0\u00bb{}\u00a0\u00bb]<\/p>\n<h2>La chambre principale du g\u00eete<\/h2>\n<p>[\/et_pb_text][et_pb_divider color=\u00a0\u00bb#ffffff\u00a0\u00bb divider_position=\u00a0\u00bbcenter\u00a0\u00bb divider_weight=\u00a0\u00bb2px\u00a0\u00bb _builder_version=\u00a0\u00bb3.2&Prime; max_width=\u00a0\u00bb50px\u00a0\u00bb module_alignment=\u00a0\u00bbleft\u00a0\u00bb custom_margin=\u00a0\u00bb||30px|\u00a0\u00bb locked=\u00a0\u00bboff\u00a0\u00bb global_colors_info=\u00a0\u00bb{}\u00a0\u00bb][\/et_pb_divider][et_pb_text _builder_version=\u00a0\u00bb4.4.7&Prime; text_font=\u00a0\u00bb||||||||\u00a0\u00bb text_font_size=\u00a0\u00bb15px\u00a0\u00bb text_line_height=\u00a0\u00bb1.8em\u00a0\u00bb background_layout=\u00a0\u00bbdark\u00a0\u00bb custom_margin=\u00a0\u00bb||35px|\u00a0\u00bb animation_style=\u00a0\u00bbfold\u00a0\u00bb animation_direction=\u00a0\u00bbbottom\u00a0\u00bb animation_intensity_fold=\u00a0\u00bb20%\u00a0\u00bb animation_starting_opacity=\u00a0\u00bb100%\u00a0\u00bb global_colors_info=\u00a0\u00bb{}\u00a0\u00bb]<\/p>\n<p>La chambre principale est \u00e9quip\u00e9e d&rsquo;un lit 2 places, des rangements mais aussi une t\u00e9l\u00e9vision.\u00a0<\/p>\n<p>[\/et_pb_text][et_pb_image src=\u00a0\u00bbhttps:\/\/test.gite-sancerre.fr\/wp-content\/uploads\/2021\/04\/chambre-principale-gite-la-maison-du-guetteur-sancerre.jpg\u00a0\u00bb alt=\u00a0\u00bbchambre-principale-gite-la-maison-du-guetteur-sancerre\u00a0\u00bb title_text=\u00a0\u00bbchambre-principale-gite-la-maison-du-guetteur-sancerre\u00a0\u00bb disabled_on=\u00a0\u00bboff|off|on\u00a0\u00bb _builder_version=\u00a0\u00bb4.4.7&Prime; border_radii=\u00a0\u00bbon|48px|48px|48px|48px\u00a0\u00bb global_colors_info=\u00a0\u00bb{}\u00a0\u00bb][\/et_pb_image][\/et_pb_column][\/et_pb_row][\/et_pb_section][et_pb_section fb_built=\u00a0\u00bb1&Prime; admin_label=\u00a0\u00bbAbout Us Section 02&Prime; _builder_version=\u00a0\u00bb3.22&Prime; custom_padding=\u00a0\u00bb0px||0px|\u00a0\u00bb global_colors_info=\u00a0\u00bb{}\u00a0\u00bb][et_pb_row column_structure=\u00a0\u00bb1_2,1_2&Prime; use_custom_gutter=\u00a0\u00bbon\u00a0\u00bb gutter_width=\u00a0\u00bb1&Prime; make_equal=\u00a0\u00bbon\u00a0\u00bb admin_label=\u00a0\u00bbAbout Us Area\u00a0\u00bb module_class=\u00a0\u00bb et_pb_row_fullwidth\u00a0\u00bb _builder_version=\u00a0\u00bb4.4.7&Prime; background_enable_image=\u00a0\u00bboff\u00a0\u00bb width=\u00a0\u00bb100%\u00a0\u00bb width_tablet=\u00a0\u00bb100%\u00a0\u00bb width_phone=\u00a0\u00bb\u00a0\u00bb width_last_edited=\u00a0\u00bbon|desktop\u00a0\u00bb max_width=\u00a0\u00bb100%\u00a0\u00bb max_width_tablet=\u00a0\u00bb100%\u00a0\u00bb max_width_phone=\u00a0\u00bb\u00a0\u00bb max_width_last_edited=\u00a0\u00bbon|desktop\u00a0\u00bb custom_padding=\u00a0\u00bb0px||0px|\u00a0\u00bb make_fullwidth=\u00a0\u00bbon\u00a0\u00bb custom_width_px=\u00a0\u00bb2600px\u00a0\u00bb global_colors_info=\u00a0\u00bb{}\u00a0\u00bb][et_pb_column type=\u00a0\u00bb1_2&Prime; _builder_version=\u00a0\u00bb3.25&Prime; background_color=\u00a0\u00bb#f7f7f7&Prime; custom_padding=\u00a0\u00bb7%|10%|7%|10%\u00a0\u00bb global_colors_info=\u00a0\u00bb{}\u00a0\u00bb custom_padding__hover=\u00a0\u00bb|||\u00a0\u00bb][et_pb_text admin_label=\u00a0\u00bbTitle\u00a0\u00bb _builder_version=\u00a0\u00bb4.4.7&Prime; text_font=\u00a0\u00bb||||||||\u00a0\u00bb header_font=\u00a0\u00bb||||||||\u00a0\u00bb header_2_font=\u00a0\u00bbNunito||||||||\u00a0\u00bb header_2_text_color=\u00a0\u00bb#263954&Prime; header_2_font_size=\u00a0\u00bb36px\u00a0\u00bb header_2_line_height=\u00a0\u00bb1.4em\u00a0\u00bb custom_margin=\u00a0\u00bb||5px|\u00a0\u00bb animation_style=\u00a0\u00bbfold\u00a0\u00bb animation_direction=\u00a0\u00bbbottom\u00a0\u00bb animation_intensity_fold=\u00a0\u00bb20%\u00a0\u00bb animation_starting_opacity=\u00a0\u00bb100%\u00a0\u00bb global_colors_info=\u00a0\u00bb{}\u00a0\u00bb]<\/p>\n<h2>La chambre secondaire du g\u00eete<\/h2>\n<p>[\/et_pb_text][et_pb_divider color=\u00a0\u00bb#0099e5&Prime; divider_position=\u00a0\u00bbcenter\u00a0\u00bb divider_weight=\u00a0\u00bb2px\u00a0\u00bb _builder_version=\u00a0\u00bb3.2&Prime; max_width=\u00a0\u00bb50px\u00a0\u00bb module_alignment=\u00a0\u00bbleft\u00a0\u00bb custom_margin=\u00a0\u00bb||30px|\u00a0\u00bb locked=\u00a0\u00bboff\u00a0\u00bb global_colors_info=\u00a0\u00bb{}\u00a0\u00bb][\/et_pb_divider][et_pb_text _builder_version=\u00a0\u00bb4.4.7&Prime; text_font=\u00a0\u00bb||||||||\u00a0\u00bb text_font_size=\u00a0\u00bb15px\u00a0\u00bb text_line_height=\u00a0\u00bb1.8em\u00a0\u00bb custom_margin=\u00a0\u00bb||35px|\u00a0\u00bb animation_style=\u00a0\u00bbfold\u00a0\u00bb animation_direction=\u00a0\u00bbbottom\u00a0\u00bb animation_intensity_fold=\u00a0\u00bb20%\u00a0\u00bb animation_starting_opacity=\u00a0\u00bb100%\u00a0\u00bb global_colors_info=\u00a0\u00bb{}\u00a0\u00bb]<\/p>\n<p>La deuxi\u00e8me chambre dispose de 3 lits pouvant accueillir jusqu&rsquo;\u00e0 3 personnes mais \u00e9galement des rangements et un \u00e9vier.<\/p>\n<p>[\/et_pb_text][et_pb_image src=\u00a0\u00bbhttps:\/\/test.gite-sancerre.fr\/wp-content\/uploads\/2021\/04\/chambres-gite-la-maison-du-guetteur-sancerre.jpg\u00a0\u00bb alt=\u00a0\u00bbchambres-gite-la-maison-du-guetteur-sancerre\u00a0\u00bb title_text=\u00a0\u00bbchambres-gite-la-maison-du-guetteur-sancerre\u00a0\u00bb disabled_on=\u00a0\u00bboff|off|on\u00a0\u00bb _builder_version=\u00a0\u00bb4.4.7&Prime; border_radii=\u00a0\u00bbon|40px|40px|40px|40px\u00a0\u00bb global_colors_info=\u00a0\u00bb{}\u00a0\u00bb][\/et_pb_image][\/et_pb_column][et_pb_column type=\u00a0\u00bb1_2&Prime; _builder_version=\u00a0\u00bb4.4.7&Prime; background_image=\u00a0\u00bbhttps:\/\/test.gite-sancerre.fr\/wp-content\/uploads\/2021\/04\/chambres-gite-la-maison-du-guetteur-sancerre.jpg\u00a0\u00bb custom_padding=\u00a0\u00bb|||\u00a0\u00bb global_colors_info=\u00a0\u00bb{}\u00a0\u00bb custom_padding__hover=\u00a0\u00bb|||\u00a0\u00bb][et_pb_divider show_divider=\u00a0\u00bboff\u00a0\u00bb disabled_on=\u00a0\u00bbon|on|off\u00a0\u00bb _builder_version=\u00a0\u00bb4.4.7&Prime; height=\u00a0\u00bb400px\u00a0\u00bb global_colors_info=\u00a0\u00bb{}\u00a0\u00bb][\/et_pb_divider][\/et_pb_column][\/et_pb_row][\/et_pb_section][et_pb_section fb_built=\u00a0\u00bb1&Prime; admin_label=\u00a0\u00bbAbout Us Section 01&Prime; _builder_version=\u00a0\u00bb3.22&Prime; custom_padding=\u00a0\u00bb0px||0px|\u00a0\u00bb global_colors_info=\u00a0\u00bb{}\u00a0\u00bb][et_pb_row column_structure=\u00a0\u00bb1_2,1_2&Prime; use_custom_gutter=\u00a0\u00bbon\u00a0\u00bb gutter_width=\u00a0\u00bb1&Prime; admin_label=\u00a0\u00bbAbout Us Area\u00a0\u00bb module_class=\u00a0\u00bbcustom_row\u00a0\u00bb _builder_version=\u00a0\u00bb4.4.7&Prime; background_color=\u00a0\u00bb#90b884&Prime; background_enable_image=\u00a0\u00bboff\u00a0\u00bb width=\u00a0\u00bb100%\u00a0\u00bb width_tablet=\u00a0\u00bb100%\u00a0\u00bb width_phone=\u00a0\u00bb\u00a0\u00bb width_last_edited=\u00a0\u00bbon|desktop\u00a0\u00bb max_width=\u00a0\u00bb100%\u00a0\u00bb max_width_tablet=\u00a0\u00bb100%\u00a0\u00bb max_width_phone=\u00a0\u00bb\u00a0\u00bb max_width_last_edited=\u00a0\u00bbon|desktop\u00a0\u00bb custom_padding=\u00a0\u00bb0px||0px|\u00a0\u00bb make_fullwidth=\u00a0\u00bbon\u00a0\u00bb global_colors_info=\u00a0\u00bb{}\u00a0\u00bb][et_pb_column type=\u00a0\u00bb1_2&Prime; module_class=\u00a0\u00bbsecond-on-mobile\u00a0\u00bb _builder_version=\u00a0\u00bb4.4.7&Prime; background_image=\u00a0\u00bbhttps:\/\/test.gite-sancerre.fr\/wp-content\/uploads\/2021\/04\/jardin-gite-la-maison-du-guetteur-sancerre.jpg\u00a0\u00bb custom_padding=\u00a0\u00bb|||\u00a0\u00bb global_colors_info=\u00a0\u00bb{}\u00a0\u00bb custom_padding__hover=\u00a0\u00bb|||\u00a0\u00bb][et_pb_divider show_divider=\u00a0\u00bboff\u00a0\u00bb disabled_on=\u00a0\u00bbon|on|off\u00a0\u00bb _builder_version=\u00a0\u00bb4.4.7&Prime; height=\u00a0\u00bb620px\u00a0\u00bb locked=\u00a0\u00bboff\u00a0\u00bb global_colors_info=\u00a0\u00bb{}\u00a0\u00bb][\/et_pb_divider][\/et_pb_column][et_pb_column type=\u00a0\u00bb1_2&Prime; module_class=\u00a0\u00bbfirst-on-mobile\u00a0\u00bb _builder_version=\u00a0\u00bb4.4.7&Prime; background_color=\u00a0\u00bb#90b884&Prime; custom_padding=\u00a0\u00bb7%|10%|7%|10%\u00a0\u00bb global_colors_info=\u00a0\u00bb{}\u00a0\u00bb custom_padding__hover=\u00a0\u00bb|||\u00a0\u00bb][et_pb_text admin_label=\u00a0\u00bbTitle\u00a0\u00bb _builder_version=\u00a0\u00bb4.4.7&Prime; text_font=\u00a0\u00bb||||||||\u00a0\u00bb header_font=\u00a0\u00bb||||||||\u00a0\u00bb header_2_font=\u00a0\u00bbNunito||||||||\u00a0\u00bb header_2_font_size=\u00a0\u00bb36px\u00a0\u00bb header_2_line_height=\u00a0\u00bb1.4em\u00a0\u00bb background_layout=\u00a0\u00bbdark\u00a0\u00bb custom_margin=\u00a0\u00bb90px||5px||false|false\u00a0\u00bb custom_margin_tablet=\u00a0\u00bb1px||||false|false\u00a0\u00bb custom_margin_phone=\u00a0\u00bb-1px||||false|false\u00a0\u00bb custom_margin_last_edited=\u00a0\u00bbon|tablet\u00a0\u00bb animation_style=\u00a0\u00bbfold\u00a0\u00bb animation_direction=\u00a0\u00bbbottom\u00a0\u00bb animation_intensity_fold=\u00a0\u00bb20%\u00a0\u00bb animation_starting_opacity=\u00a0\u00bb100%\u00a0\u00bb global_colors_info=\u00a0\u00bb{}\u00a0\u00bb]<\/p>\n<h2>Le salon de jardin du g\u00eete<\/h2>\n<p>[\/et_pb_text][et_pb_divider color=\u00a0\u00bb#ffffff\u00a0\u00bb divider_position=\u00a0\u00bbcenter\u00a0\u00bb divider_weight=\u00a0\u00bb2px\u00a0\u00bb _builder_version=\u00a0\u00bb3.2&Prime; max_width=\u00a0\u00bb50px\u00a0\u00bb module_alignment=\u00a0\u00bbleft\u00a0\u00bb custom_margin=\u00a0\u00bb||30px|\u00a0\u00bb locked=\u00a0\u00bboff\u00a0\u00bb global_colors_info=\u00a0\u00bb{}\u00a0\u00bb][\/et_pb_divider][et_pb_text _builder_version=\u00a0\u00bb4.4.7&Prime; text_font=\u00a0\u00bb||||||||\u00a0\u00bb text_font_size=\u00a0\u00bb15px\u00a0\u00bb text_line_height=\u00a0\u00bb1.8em\u00a0\u00bb background_layout=\u00a0\u00bbdark\u00a0\u00bb custom_margin=\u00a0\u00bb||35px|\u00a0\u00bb animation_style=\u00a0\u00bbfold\u00a0\u00bb animation_direction=\u00a0\u00bbbottom\u00a0\u00bb animation_intensity_fold=\u00a0\u00bb20%\u00a0\u00bb animation_starting_opacity=\u00a0\u00bb100%\u00a0\u00bb global_colors_info=\u00a0\u00bb{}\u00a0\u00bb]<\/p>\n<p>Un salon de jardin et un barbecue sont \u00e0 votre disposition pour profiter pleinement de la vue sublime !\u00a0<\/p>\n<p>[\/et_pb_text][et_pb_image src=\u00a0\u00bbhttps:\/\/test.gite-sancerre.fr\/wp-content\/uploads\/2021\/04\/jardin-gite-la-maison-du-guetteur-sancerre.jpg\u00a0\u00bb alt=\u00a0\u00bbjardin-gite-la-maison-du-guetteur-sancerre\u00a0\u00bb title_text=\u00a0\u00bbjardin-gite-la-maison-du-guetteur-sancerre\u00a0\u00bb disabled_on=\u00a0\u00bboff|off|on\u00a0\u00bb _builder_version=\u00a0\u00bb4.4.7&Prime; border_radii=\u00a0\u00bbon|40px|40px|40px|40px\u00a0\u00bb global_colors_info=\u00a0\u00bb{}\u00a0\u00bb][\/et_pb_image][\/et_pb_column][\/et_pb_row][\/et_pb_section]<\/p>\n","protected":false},"excerpt":{"rendered":"<p>Notre g\u00eete \u00e0 Sancerre en quelques mots\u00a0Le gite est construit sur 3 niveaux. Le s\u00e9jour-salle \u00e0 manger et le coin cuisine sont situ\u00e9es au rez de chauss\u00e9e, la chambre du 1er \u00e9tage contient un lit double et celle du 2\u00e8me \u00e9tage contient 3 lits simples. Une salle de bain est disponible au 1er \u00e9tage, et [&hellip;]<\/p>\n","protected":false},"author":1,"featured_media":0,"parent":0,"menu_order":0,"comment_status":"closed","ping_status":"closed","template":"","meta":{"_et_pb_use_builder":"on","_et_pb_old_content":"","_et_gb_content_width":"","footnotes":""},"class_list":["post-129","page","type-page","status-publish","hentry"],"yoast_head":"<!-- This site is optimized with the Yoast SEO plugin v17.6 - https:\/\/yoast.com\/wordpress\/plugins\/seo\/ -->\n<title>Le G\u00eete - La Maison du Guetteur<\/title>\n<meta name=\"robots\" content=\"index, follow, max-snippet:-1, max-image-preview:large, max-video-preview:-1\" \/>\n<link rel=\"canonical\" href=\"https:\/\/gite-sancerre.fr\/index.php\/le-gite\/\" \/>\n<meta property=\"og:locale\" content=\"fr_FR\" \/>\n<meta property=\"og:type\" content=\"article\" \/>\n<meta property=\"og:title\" content=\"Le G\u00eete - La Maison du Guetteur\" \/>\n<meta property=\"og:description\" content=\"Notre g\u00eete \u00e0 Sancerre en quelques mots\u00a0Le gite est construit sur 3 niveaux. Le s\u00e9jour-salle \u00e0 manger et le coin cuisine sont situ\u00e9es au rez de chauss\u00e9e, la chambre du 1er \u00e9tage contient un lit double et celle du 2\u00e8me \u00e9tage contient 3 lits simples. Une salle de bain est disponible au 1er \u00e9tage, et [&hellip;]\" \/>\n<meta property=\"og:url\" content=\"https:\/\/gite-sancerre.fr\/index.php\/le-gite\/\" \/>\n<meta property=\"og:site_name\" content=\"La Maison du Guetteur\" \/>\n<meta property=\"article:modified_time\" content=\"2025-06-02T14:19:15+00:00\" \/>\n<meta name=\"twitter:card\" content=\"summary_large_image\" \/>\n<meta name=\"twitter:label1\" content=\"Dur\u00e9e de lecture estim\u00e9e\" \/>\n\t<meta name=\"twitter:data1\" content=\"13 minutes\" \/>\n<script type=\"application\/ld+json\" class=\"yoast-schema-graph\">{\"@context\":\"https:\/\/schema.org\",\"@graph\":[{\"@type\":\"WebSite\",\"@id\":\"https:\/\/gite-sancerre.fr\/#website\",\"url\":\"https:\/\/gite-sancerre.fr\/\",\"name\":\"La Maison du Guetteur\",\"description\":\"G\\u00eete \\u00e0 Sancerre\",\"potentialAction\":[{\"@type\":\"SearchAction\",\"target\":{\"@type\":\"EntryPoint\",\"urlTemplate\":\"https:\/\/gite-sancerre.fr\/?s={search_term_string}\"},\"query-input\":\"required name=search_term_string\"}],\"inLanguage\":\"fr-FR\"},{\"@type\":\"WebPage\",\"@id\":\"https:\/\/gite-sancerre.fr\/index.php\/le-gite\/#webpage\",\"url\":\"https:\/\/gite-sancerre.fr\/index.php\/le-gite\/\",\"name\":\"Le G\\u00eete - La Maison du Guetteur\",\"isPartOf\":{\"@id\":\"https:\/\/gite-sancerre.fr\/#website\"},\"datePublished\":\"2021-04-20T14:52:47+00:00\",\"dateModified\":\"2025-06-02T14:19:15+00:00\",\"breadcrumb\":{\"@id\":\"https:\/\/gite-sancerre.fr\/index.php\/le-gite\/#breadcrumb\"},\"inLanguage\":\"fr-FR\",\"potentialAction\":[{\"@type\":\"ReadAction\",\"target\":[\"https:\/\/gite-sancerre.fr\/index.php\/le-gite\/\"]}]},{\"@type\":\"BreadcrumbList\",\"@id\":\"https:\/\/gite-sancerre.fr\/index.php\/le-gite\/#breadcrumb\",\"itemListElement\":[{\"@type\":\"ListItem\",\"position\":1,\"name\":\"Accueil\",\"item\":\"https:\/\/gite-sancerre.fr\/\"},{\"@type\":\"ListItem\",\"position\":2,\"name\":\"Le G\\u00eete\"}]}]}<\/script>\n<!-- \/ Yoast SEO plugin. -->","yoast_head_json":{"title":"Le G\u00eete - La Maison du Guetteur","robots":{"index":"index","follow":"follow","max-snippet":"max-snippet:-1","max-image-preview":"max-image-preview:large","max-video-preview":"max-video-preview:-1"},"canonical":"https:\/\/gite-sancerre.fr\/index.php\/le-gite\/","og_locale":"fr_FR","og_type":"article","og_title":"Le G\u00eete - La Maison du Guetteur","og_description":"Notre g\u00eete \u00e0 Sancerre en quelques mots\u00a0Le gite est construit sur 3 niveaux. Le s\u00e9jour-salle \u00e0 manger et le coin cuisine sont situ\u00e9es au rez de chauss\u00e9e, la chambre du 1er \u00e9tage contient un lit double et celle du 2\u00e8me \u00e9tage contient 3 lits simples. Une salle de bain est disponible au 1er \u00e9tage, et [&hellip;]","og_url":"https:\/\/gite-sancerre.fr\/index.php\/le-gite\/","og_site_name":"La Maison du Guetteur","article_modified_time":"2025-06-02T14:19:15+00:00","twitter_card":"summary_large_image","twitter_misc":{"Dur\u00e9e de lecture estim\u00e9e":"13 minutes"},"schema":{"@context":"https:\/\/schema.org","@graph":[{"@type":"WebSite","@id":"https:\/\/gite-sancerre.fr\/#website","url":"https:\/\/gite-sancerre.fr\/","name":"La Maison du Guetteur","description":"G\u00eete \u00e0 Sancerre","potentialAction":[{"@type":"SearchAction","target":{"@type":"EntryPoint","urlTemplate":"https:\/\/gite-sancerre.fr\/?s={search_term_string}"},"query-input":"required name=search_term_string"}],"inLanguage":"fr-FR"},{"@type":"WebPage","@id":"https:\/\/gite-sancerre.fr\/index.php\/le-gite\/#webpage","url":"https:\/\/gite-sancerre.fr\/index.php\/le-gite\/","name":"Le G\u00eete - La Maison du Guetteur","isPartOf":{"@id":"https:\/\/gite-sancerre.fr\/#website"},"datePublished":"2021-04-20T14:52:47+00:00","dateModified":"2025-06-02T14:19:15+00:00","breadcrumb":{"@id":"https:\/\/gite-sancerre.fr\/index.php\/le-gite\/#breadcrumb"},"inLanguage":"fr-FR","potentialAction":[{"@type":"ReadAction","target":["https:\/\/gite-sancerre.fr\/index.php\/le-gite\/"]}]},{"@type":"BreadcrumbList","@id":"https:\/\/gite-sancerre.fr\/index.php\/le-gite\/#breadcrumb","itemListElement":[{"@type":"ListItem","position":1,"name":"Accueil","item":"https:\/\/gite-sancerre.fr\/"},{"@type":"ListItem","position":2,"name":"Le G\u00eete"}]}]}},"_links":{"self":[{"href":"https:\/\/gite-sancerre.fr\/index.php\/wp-json\/wp\/v2\/pages\/129","targetHints":{"allow":["GET"]}}],"collection":[{"href":"https:\/\/gite-sancerre.fr\/index.php\/wp-json\/wp\/v2\/pages"}],"about":[{"href":"https:\/\/gite-sancerre.fr\/index.php\/wp-json\/wp\/v2\/types\/page"}],"author":[{"embeddable":true,"href":"https:\/\/gite-sancerre.fr\/index.php\/wp-json\/wp\/v2\/users\/1"}],"replies":[{"embeddable":true,"href":"https:\/\/gite-sancerre.fr\/index.php\/wp-json\/wp\/v2\/comments?post=129"}],"version-history":[{"count":26,"href":"https:\/\/gite-sancerre.fr\/index.php\/wp-json\/wp\/v2\/pages\/129\/revisions"}],"predecessor-version":[{"id":614,"href":"https:\/\/gite-sancerre.fr\/index.php\/wp-json\/wp\/v2\/pages\/129\/revisions\/614"}],"wp:attachment":[{"href":"https:\/\/gite-sancerre.fr\/index.php\/wp-json\/wp\/v2\/media?parent=129"}],"curies":[{"name":"wp","href":"https:\/\/api.w.org\/{rel}","templated":true}]}}